{"id":478,"date":"2014-09-13T20:18:57","date_gmt":"2014-09-13T19:18:57","guid":{"rendered":"http:\/\/agen.umc-europe.org\/eglise\/?page_id=478"},"modified":"2016-01-13T01:06:49","modified_gmt":"2016-01-13T00:06:49","slug":"musiques-chretiennes","status":"publish","type":"page","link":"https:\/\/agen.umc-europe.org\/eglise\/ressources-bibliques\/musiques-chretiennes\/","title":{"rendered":"Musiques chr\u00e9tiennes"},"content":{"rendered":"<p>Vous trouverez sur cette page quelques unes des musiques chr\u00e9tiennes pr\u00e9f\u00e9r\u00e9es de nos jeunes. Y-en aura pour tous les styles ! Peut \u00eatre pas le votre ?<\/p>\n<p>Parmi les groupes pr\u00e9f\u00e9r\u00e9s on retrouve : Hillsong, Chris Tomlin, Newsboys, Dan Luiten, Louise Zbinden&#8230; Ces auteurs compositeurs, francophones ou am\u00e9ricains, utilisent leur dons pour la musique pour exprimer leur foi et croyance en J\u00e9sus Christ. Leur paroles sont une source d&rsquo;inspiration pour tous.<\/p>\n<p>Nous avons appr\u00e9ci\u00e9 les albums de louange de St\u00e9phane Qu\u00e9ry disponibles en ligne ci dessous:<\/p>\n<p><a href=\"http:\/\/stephanequery.com\/derniers-albums\/\" target=\"_blank\"><img loading=\"lazy\" decoding=\"async\" class=\"wp-image-2076 size-full aligncenter\" src=\"https:\/\/agen.umc-europe.org\/eglise\/wp-content\/uploads\/2016\/01\/albums_stephane_query.jpg\" alt=\"Albums de louange de St\u00e9phane Query\" width=\"554\" height=\"139\" srcset=\"https:\/\/agen.umc-europe.org\/eglise\/wp-content\/uploads\/2016\/01\/albums_stephane_query.jpg 554w, https:\/\/agen.umc-europe.org\/eglise\/wp-content\/uploads\/2016\/01\/albums_stephane_query-300x75.jpg 300w\" sizes=\"(max-width: 554px) 100vw, 554px\" \/><\/a><\/p>\n<p><strong>Newsboys : God&rsquo;s not Dead (Dieu n&rsquo;est pas mort)<\/strong><\/p>\n<p>De nombreuses personnes affirment que Dieu est mort. Nous croyons que \u00ab\u00a0notre Dieu n&rsquo;est pas mort\u00a0\u00bb. Nous l&rsquo;affirmons comme ces chanteurs am\u00e9ricains, haut et fort. <strong>Dieu n&rsquo;est pas mort!<\/strong><br \/>\n<iframe loading=\"lazy\" src=\"\/\/www.youtube.com\/embed\/S_OTz-lpDjw\" width=\"560\" height=\"315\" frameborder=\"0\" allowfullscreen=\"allowfullscreen\"><\/iframe><\/p>\n<p><strong>Louise Zbinden : Doux comme le chocolat.<\/strong><\/p>\n<p>Cette artiste est venue sur Agen en 2012 et 2014 dans le cadre du festiv&rsquo;art Stand&rsquo;up. Son t\u00e9moignage et ses paroles ont \u00e9t\u00e9 source de r\u00e9flexion pour tous. Merci Louise!<\/p>\n<p><iframe loading=\"lazy\" src=\"\/\/www.youtube.com\/embed\/8CqReGkZ3rw\" width=\"560\" height=\"315\" frameborder=\"0\" allowfullscreen=\"allowfullscreen\"><\/iframe><\/p>\n<p><strong>10,000 Reasons (Bless the Lord) &#8211; Matt Redman<\/strong><\/p>\n<p>Ce compositeur am\u00e9ricain de louange chr\u00e9tienne propose des textes de superbe qualit\u00e9 avec des musiques et production vid\u00e9os de qualit\u00e9 professionnelle. Certains de ses chants traduits en fran\u00e7ais font partie des <strong>louanges<\/strong> que nous chantons au <a title=\"Culte du Dimanche\" href=\"https:\/\/agen.umc-europe.org\/eglise\/nos-activites\/culte-du-dimanche\/\">culte le Dimanche matin<\/a>.<\/p>\n<p><iframe loading=\"lazy\" src=\"\/\/www.youtube.com\/embed\/DXDGE_lRI0E\" width=\"560\" height=\"315\" frameborder=\"0\" allowfullscreen=\"allowfullscreen\"><\/iframe><\/p>\n","protected":false},"excerpt":{"rendered":"<p>Vous trouverez sur cette page quelques unes des musiques chr\u00e9tiennes pr\u00e9f\u00e9r\u00e9es de nos jeunes. Y-en aura pour tous les styles ! Peut \u00eatre pas le votre ? Parmi les groupes pr\u00e9f\u00e9r\u00e9s on retrouve : Hillsong, Chris Tomlin, Newsboys, Dan Luiten, Louise Zbinden&#8230; Ces auteurs compositeurs, francophones ou am\u00e9ricains, utilisent leur&#8230;<\/p>\n","protected":false},"author":2,"featured_media":0,"parent":132,"menu_order":4,"comment_status":"closed","ping_status":"closed","template":"","meta":{"_monsterinsights_skip_tracking":false,"_monsterinsights_sitenote_active":false,"_monsterinsights_sitenote_note":"","_monsterinsights_sitenote_category":0,"footnotes":""},"yoast_head":"<!-- This site is optimized with the Yoast SEO plugin v21.9.1 - https:\/\/yoast.com\/wordpress\/plugins\/seo\/ -->\n<title>Musiques chr\u00e9tiennes pr\u00e9f\u00e9r\u00e9es<\/title>\n<meta name=\"description\" content=\"Les musiques ou groupes de musique pr\u00e9f\u00e9r\u00e9es des jeunes de notre \u00e9glise (de Camille et Lisa entres autres ...)\" \/>\n<meta name=\"robots\" content=\"index, follow, max-snippet:-1, max-image-preview:large, max-video-preview:-1\" \/>\n<link rel=\"canonical\" href=\"https:\/\/agen.umc-europe.org\/eglise\/ressources-bibliques\/musiques-chretiennes\/\" \/>\n<meta property=\"og:locale\" content=\"fr_FR\" \/>\n<meta property=\"og:type\" content=\"article\" \/>\n<meta property=\"og:title\" content=\"Musiques chr\u00e9tiennes pr\u00e9f\u00e9r\u00e9es\" \/>\n<meta property=\"og:description\" content=\"Les musiques ou groupes de musique pr\u00e9f\u00e9r\u00e9es des jeunes de notre \u00e9glise (de Camille et Lisa entres autres ...)\" \/>\n<meta property=\"og:url\" content=\"https:\/\/agen.umc-europe.org\/eglise\/ressources-bibliques\/musiques-chretiennes\/\" \/>\n<meta property=\"og:site_name\" content=\"\u00c9glise Protestante \u00c9vang\u00e9lique M\u00e9thodiste Agen\" \/>\n<meta property=\"article:publisher\" content=\"https:\/\/www.facebook.com\/EgliseAgen\/\" \/>\n<meta property=\"article:modified_time\" content=\"2016-01-13T00:06:49+00:00\" \/>\n<meta property=\"og:image\" content=\"https:\/\/agen.umc-europe.org\/eglise\/wp-content\/uploads\/2016\/01\/albums_stephane_query.jpg\" \/>\n<meta name=\"twitter:card\" content=\"summary_large_image\" \/>\n<meta name=\"twitter:site\" content=\"@EgliseAgen\" \/>\n<meta name=\"twitter:label1\" content=\"Dur\u00e9e de lecture estim\u00e9e\" \/>\n\t<meta name=\"twitter:data1\" content=\"1 minute\" \/>\n<script type=\"application\/ld+json\" class=\"yoast-schema-graph\">{\"@context\":\"https:\/\/schema.org\",\"@graph\":[{\"@type\":\"WebPage\",\"@id\":\"https:\/\/agen.umc-europe.org\/eglise\/ressources-bibliques\/musiques-chretiennes\/\",\"url\":\"https:\/\/agen.umc-europe.org\/eglise\/ressources-bibliques\/musiques-chretiennes\/\",\"name\":\"Musiques chr\u00e9tiennes pr\u00e9f\u00e9r\u00e9es\",\"isPartOf\":{\"@id\":\"https:\/\/agen.umc-europe.org\/eglise\/#website\"},\"datePublished\":\"2014-09-13T19:18:57+00:00\",\"dateModified\":\"2016-01-13T00:06:49+00:00\",\"description\":\"Les musiques ou groupes de musique pr\u00e9f\u00e9r\u00e9es des jeunes de notre \u00e9glise (de Camille et Lisa entres autres ...)\",\"breadcrumb\":{\"@id\":\"https:\/\/agen.umc-europe.org\/eglise\/ressources-bibliques\/musiques-chretiennes\/#breadcrumb\"},\"inLanguage\":\"fr-FR\",\"potentialAction\":[{\"@type\":\"ReadAction\",\"target\":[\"https:\/\/agen.umc-europe.org\/eglise\/ressources-bibliques\/musiques-chretiennes\/\"]}]},{\"@type\":\"BreadcrumbList\",\"@id\":\"https:\/\/agen.umc-europe.org\/eglise\/ressources-bibliques\/musiques-chretiennes\/#breadcrumb\",\"itemListElement\":[{\"@type\":\"ListItem\",\"position\":1,\"name\":\"Accueil\",\"item\":\"https:\/\/agen.umc-europe.org\/eglise\/\"},{\"@type\":\"ListItem\",\"position\":2,\"name\":\"Ressources Bibliques\",\"item\":\"https:\/\/agen.umc-europe.org\/eglise\/ressources-bibliques\/\"},{\"@type\":\"ListItem\",\"position\":3,\"name\":\"Musiques chr\u00e9tiennes\"}]},{\"@type\":\"WebSite\",\"@id\":\"https:\/\/agen.umc-europe.org\/eglise\/#website\",\"url\":\"https:\/\/agen.umc-europe.org\/eglise\/\",\"name\":\"\u00c9glise Protestante \u00c9vang\u00e9lique M\u00e9thodiste Agen\",\"description\":\"Des chr\u00e9tiens \u00e9vang\u00e9liques au coeur du Lot et Garonne. &quot;Viens et vois!&quot; ( Jean 1:47 )\",\"potentialAction\":[{\"@type\":\"SearchAction\",\"target\":{\"@type\":\"EntryPoint\",\"urlTemplate\":\"https:\/\/agen.umc-europe.org\/eglise\/?s={search_term_string}\"},\"query-input\":\"required name=search_term_string\"}],\"inLanguage\":\"fr-FR\"}]}<\/script>\n<!-- \/ Yoast SEO plugin. -->","yoast_head_json":{"title":"Musiques chr\u00e9tiennes pr\u00e9f\u00e9r\u00e9es","description":"Les musiques ou groupes de musique pr\u00e9f\u00e9r\u00e9es des jeunes de notre \u00e9glise (de Camille et Lisa entres autres ...)","robots":{"index":"index","follow":"follow","max-snippet":"max-snippet:-1","max-image-preview":"max-image-preview:large","max-video-preview":"max-video-preview:-1"},"canonical":"https:\/\/agen.umc-europe.org\/eglise\/ressources-bibliques\/musiques-chretiennes\/","og_locale":"fr_FR","og_type":"article","og_title":"Musiques chr\u00e9tiennes pr\u00e9f\u00e9r\u00e9es","og_description":"Les musiques ou groupes de musique pr\u00e9f\u00e9r\u00e9es des jeunes de notre \u00e9glise (de Camille et Lisa entres autres ...)","og_url":"https:\/\/agen.umc-europe.org\/eglise\/ressources-bibliques\/musiques-chretiennes\/","og_site_name":"\u00c9glise Protestante \u00c9vang\u00e9lique M\u00e9thodiste Agen","article_publisher":"https:\/\/www.facebook.com\/EgliseAgen\/","article_modified_time":"2016-01-13T00:06:49+00:00","og_image":[{"url":"https:\/\/agen.umc-europe.org\/eglise\/wp-content\/uploads\/2016\/01\/albums_stephane_query.jpg"}],"twitter_card":"summary_large_image","twitter_site":"@EgliseAgen","twitter_misc":{"Dur\u00e9e de lecture estim\u00e9e":"1 minute"},"schema":{"@context":"https:\/\/schema.org","@graph":[{"@type":"WebPage","@id":"https:\/\/agen.umc-europe.org\/eglise\/ressources-bibliques\/musiques-chretiennes\/","url":"https:\/\/agen.umc-europe.org\/eglise\/ressources-bibliques\/musiques-chretiennes\/","name":"Musiques chr\u00e9tiennes pr\u00e9f\u00e9r\u00e9es","isPartOf":{"@id":"https:\/\/agen.umc-europe.org\/eglise\/#website"},"datePublished":"2014-09-13T19:18:57+00:00","dateModified":"2016-01-13T00:06:49+00:00","description":"Les musiques ou groupes de musique pr\u00e9f\u00e9r\u00e9es des jeunes de notre \u00e9glise (de Camille et Lisa entres autres ...)","breadcrumb":{"@id":"https:\/\/agen.umc-europe.org\/eglise\/ressources-bibliques\/musiques-chretiennes\/#breadcrumb"},"inLanguage":"fr-FR","potentialAction":[{"@type":"ReadAction","target":["https:\/\/agen.umc-europe.org\/eglise\/ressources-bibliques\/musiques-chretiennes\/"]}]},{"@type":"BreadcrumbList","@id":"https:\/\/agen.umc-europe.org\/eglise\/ressources-bibliques\/musiques-chretiennes\/#breadcrumb","itemListElement":[{"@type":"ListItem","position":1,"name":"Accueil","item":"https:\/\/agen.umc-europe.org\/eglise\/"},{"@type":"ListItem","position":2,"name":"Ressources Bibliques","item":"https:\/\/agen.umc-europe.org\/eglise\/ressources-bibliques\/"},{"@type":"ListItem","position":3,"name":"Musiques chr\u00e9tiennes"}]},{"@type":"WebSite","@id":"https:\/\/agen.umc-europe.org\/eglise\/#website","url":"https:\/\/agen.umc-europe.org\/eglise\/","name":"\u00c9glise Protestante \u00c9vang\u00e9lique M\u00e9thodiste Agen","description":"Des chr\u00e9tiens \u00e9vang\u00e9liques au coeur du Lot et Garonne. &quot;Viens et vois!&quot; ( Jean 1:47 )","potentialAction":[{"@type":"SearchAction","target":{"@type":"EntryPoint","urlTemplate":"https:\/\/agen.umc-europe.org\/eglise\/?s={search_term_string}"},"query-input":"required name=search_term_string"}],"inLanguage":"fr-FR"}]}},"_links":{"self":[{"href":"https:\/\/agen.umc-europe.org\/eglise\/wp-json\/wp\/v2\/pages\/478"}],"collection":[{"href":"https:\/\/agen.umc-europe.org\/eglise\/wp-json\/wp\/v2\/pages"}],"about":[{"href":"https:\/\/agen.umc-europe.org\/eglise\/wp-json\/wp\/v2\/types\/page"}],"author":[{"embeddable":true,"href":"https:\/\/agen.umc-europe.org\/eglise\/wp-json\/wp\/v2\/users\/2"}],"replies":[{"embeddable":true,"href":"https:\/\/agen.umc-europe.org\/eglise\/wp-json\/wp\/v2\/comments?post=478"}],"version-history":[{"count":7,"href":"https:\/\/agen.umc-europe.org\/eglise\/wp-json\/wp\/v2\/pages\/478\/revisions"}],"predecessor-version":[{"id":2078,"href":"https:\/\/agen.umc-europe.org\/eglise\/wp-json\/wp\/v2\/pages\/478\/revisions\/2078"}],"up":[{"embeddable":true,"href":"https:\/\/agen.umc-europe.org\/eglise\/wp-json\/wp\/v2\/pages\/132"}],"wp:attachment":[{"href":"https:\/\/agen.umc-europe.org\/eglise\/wp-json\/wp\/v2\/media?parent=478"}],"curies":[{"name":"wp","href":"https:\/\/api.w.org\/{rel}","templated":true}]}}