{"id":102,"date":"2014-08-25T22:56:25","date_gmt":"2014-08-25T21:56:25","guid":{"rendered":"http:\/\/agen.umc-europe.org\/eglise\/?page_id=102"},"modified":"2017-12-27T17:21:16","modified_gmt":"2017-12-27T16:21:16","slug":"notre-histoire-les-pionniers","status":"publish","type":"page","link":"https:\/\/agen.umc-europe.org\/eglise\/notre-histoire-introduction\/notre-histoire-les-pionniers\/","title":{"rendered":"Notre histoire &#8211; les pionniers (1926-1931)"},"content":{"rendered":"<h2><em>Le pasteur VON SIEBENTHAL<\/em><\/h2>\n<p>A la Conf\u00e9rence Annuelle de 1926, le pasteur J.J. SIEBENTHAL s&rsquo;est mis \u00e0 la disposition de la Mission du Sud-Ouest. En octobre 1926, il entreprit son premier d\u00e9placement dans le secteur.<\/p>\n<p>N\u00e9anmoins, il ne put pas commencer son travail r\u00e9gulier avant janvier 1927. Il choisit <strong>Agen<\/strong> comme lieu d&rsquo;habitation et comme base de travail et fit ainsi un <strong>choix judicieux<\/strong>. Durant l&rsquo;intervalle entre la Conf\u00e9rence Annuelle et le d\u00e9marrage de son travail, il se trouve que l&rsquo;Eglise Nationale Suisse a entrepris des d\u00e9marches analogues en vue d&rsquo;assurer l&rsquo;accompagnement pastoral des Suisses du Sud-Ouest. C&rsquo;est ainsi que le pasteur BR\u00c4NDLI est venu vivre dans le secteur. Un certain nombre de ceux qui s&rsquo;\u00e9taient prononc\u00e9s en faveur de notre minist\u00e8re, se sont ralli\u00e9s au nouveau pasteur de l&rsquo;Eglise Nationale.<\/p>\n<p>Il y e\u00fbt alors des difficult\u00e9s s\u00e9rieuses \u00e9prouv\u00e9es au contact des deux communaut\u00e9s r\u00e9form\u00e9es et m\u00e9thodistes. 70 ans apr\u00e8s, nous sommes reconnaissants au Seigneur d&rsquo;avoir \u00e9clairci le ciel inter-communautaire \u00e0 ce jour gr\u00e2ce entre autres \u00e0 la r\u00e9alisation de RADIO ESPOIR . Les gens ont appris \u00e0 appr\u00e9cier notre travail et n&rsquo;ont plus song\u00e9 \u00e0 se d\u00e9tourner de nous comme au tout d\u00e9but. C&rsquo;est Dieu que nous voulions servir ici et c&rsquo;est Dieu qui a maintenu notre oeuvre ferme et forte.<\/p>\n<h2><em>Pr\u00e9sence et attentes de la diaspora suisse<\/em><\/h2>\n<p>A la Conf\u00e9rence Annuelle de 1931, le pasteur VON SIEBENTHAL a \u00e9t\u00e9 mut\u00e9 \u00e0 Munster en Alsace pour des raisons de sant\u00e9. Il a pu r\u00e9aliser (dans le Sud-Ouest) une <a title=\"Notre histoire \u2013 2\u00e8me Guerre Mondiale (1931-46)\" href=\"https:\/\/agen.umc-europe.org\/eglise\/notre-histoire-introduction\/notre-histoire-pasteur-nyffeler\/\"><strong>oeuvre pionni\u00e8re<\/strong><\/a> avec l&rsquo;aide de Dieu et fort de sa b\u00e9n\u00e9diction autant aupr\u00e8s des adultes qu&rsquo;aupr\u00e8s des enfants pendant ses cinq ann\u00e9es de pr\u00e9sence. Il a couvert le secteur entre Bordeaux et Toulouse, partant d&rsquo;Angoul\u00e8me-Mompazier jusque dans les Pyr\u00e9n\u00e9es. Il a pu ajouter 23 membres \u00e0 l&rsquo;Eglise. Les lieux o\u00f9 la parole a \u00e9t\u00e9 r\u00e9guli\u00e8rement pr\u00each\u00e9e (c\u00e0d, tous les deux mois) pr\u00each\u00e9e furent <strong>Agen<\/strong>, <strong>Astaffort<\/strong>, <strong>Lectoure<\/strong>, <strong>Bordeaux<\/strong> (une fois par mois).<\/p>\n","protected":false},"excerpt":{"rendered":"<p>Le pasteur VON SIEBENTHAL A la Conf\u00e9rence Annuelle de 1926, le pasteur J.J. SIEBENTHAL s&rsquo;est mis \u00e0 la disposition de la Mission du Sud-Ouest. En octobre 1926, il entreprit son premier d\u00e9placement dans le secteur. N\u00e9anmoins, il ne put pas commencer son travail r\u00e9gulier avant janvier 1927. Il choisit Agen&#8230;<\/p>\n","protected":false},"author":2,"featured_media":10,"parent":86,"menu_order":2,"comment_status":"open","ping_status":"closed","template":"","meta":{"_monsterinsights_skip_tracking":false,"_monsterinsights_sitenote_active":false,"_monsterinsights_sitenote_note":"","_monsterinsights_sitenote_category":0,"footnotes":""},"yoast_head":"<!-- This site is optimized with the Yoast SEO plugin v21.9.1 - https:\/\/yoast.com\/wordpress\/plugins\/seo\/ -->\n<title>Les pionniers de l&#039;\u00e9vang\u00e9lisation en agenais 1925<\/title>\n<meta name=\"description\" content=\"Le Pasteur Von Siebenthal f\u00fbt le premier \u00e0 s&#039;installer \u00e0 Agen pour fonder l&#039;\u00e9glise m\u00e9thodiste\" \/>\n<meta name=\"robots\" content=\"index, follow, max-snippet:-1, max-image-preview:large, max-video-preview:-1\" \/>\n<link rel=\"canonical\" href=\"https:\/\/agen.umc-europe.org\/eglise\/notre-histoire-introduction\/notre-histoire-les-pionniers\/\" \/>\n<meta property=\"og:locale\" content=\"fr_FR\" \/>\n<meta property=\"og:type\" content=\"article\" \/>\n<meta property=\"og:title\" content=\"Les pionniers de l&#039;\u00e9vang\u00e9lisation en agenais 1925\" \/>\n<meta property=\"og:description\" content=\"Le Pasteur Von Siebenthal f\u00fbt le premier \u00e0 s&#039;installer \u00e0 Agen pour fonder l&#039;\u00e9glise m\u00e9thodiste\" \/>\n<meta property=\"og:url\" content=\"https:\/\/agen.umc-europe.org\/eglise\/notre-histoire-introduction\/notre-histoire-les-pionniers\/\" \/>\n<meta property=\"og:site_name\" content=\"\u00c9glise Protestante \u00c9vang\u00e9lique M\u00e9thodiste Agen\" \/>\n<meta property=\"article:publisher\" content=\"https:\/\/www.facebook.com\/EgliseAgen\/\" \/>\n<meta property=\"article:modified_time\" content=\"2017-12-27T16:21:16+00:00\" \/>\n<meta property=\"og:image\" content=\"https:\/\/agen.umc-europe.org\/eglise\/wp-content\/uploads\/2014\/08\/croix.jpg\" \/>\n\t<meta property=\"og:image:width\" content=\"249\" \/>\n\t<meta property=\"og:image:height\" content=\"170\" \/>\n\t<meta property=\"og:image:type\" content=\"image\/jpeg\" \/>\n<meta name=\"twitter:card\" content=\"summary_large_image\" \/>\n<meta name=\"twitter:site\" content=\"@EgliseAgen\" \/>\n<meta name=\"twitter:label1\" content=\"Dur\u00e9e de lecture estim\u00e9e\" \/>\n\t<meta name=\"twitter:data1\" content=\"2 minutes\" \/>\n<script type=\"application\/ld+json\" class=\"yoast-schema-graph\">{\"@context\":\"https:\/\/schema.org\",\"@graph\":[{\"@type\":\"WebPage\",\"@id\":\"https:\/\/agen.umc-europe.org\/eglise\/notre-histoire-introduction\/notre-histoire-les-pionniers\/\",\"url\":\"https:\/\/agen.umc-europe.org\/eglise\/notre-histoire-introduction\/notre-histoire-les-pionniers\/\",\"name\":\"Les pionniers de l'\u00e9vang\u00e9lisation en agenais 1925\",\"isPartOf\":{\"@id\":\"https:\/\/agen.umc-europe.org\/eglise\/#website\"},\"datePublished\":\"2014-08-25T21:56:25+00:00\",\"dateModified\":\"2017-12-27T16:21:16+00:00\",\"description\":\"Le Pasteur Von Siebenthal f\u00fbt le premier \u00e0 s'installer \u00e0 Agen pour fonder l'\u00e9glise m\u00e9thodiste\",\"breadcrumb\":{\"@id\":\"https:\/\/agen.umc-europe.org\/eglise\/notre-histoire-introduction\/notre-histoire-les-pionniers\/#breadcrumb\"},\"inLanguage\":\"fr-FR\",\"potentialAction\":[{\"@type\":\"ReadAction\",\"target\":[\"https:\/\/agen.umc-europe.org\/eglise\/notre-histoire-introduction\/notre-histoire-les-pionniers\/\"]}]},{\"@type\":\"BreadcrumbList\",\"@id\":\"https:\/\/agen.umc-europe.org\/eglise\/notre-histoire-introduction\/notre-histoire-les-pionniers\/#breadcrumb\",\"itemListElement\":[{\"@type\":\"ListItem\",\"position\":1,\"name\":\"Accueil\",\"item\":\"https:\/\/agen.umc-europe.org\/eglise\/\"},{\"@type\":\"ListItem\",\"position\":2,\"name\":\"Notre histoire &#8211; Introduction\",\"item\":\"https:\/\/agen.umc-europe.org\/eglise\/notre-histoire-introduction\/\"},{\"@type\":\"ListItem\",\"position\":3,\"name\":\"Notre histoire &#8211; les pionniers (1926-1931)\"}]},{\"@type\":\"WebSite\",\"@id\":\"https:\/\/agen.umc-europe.org\/eglise\/#website\",\"url\":\"https:\/\/agen.umc-europe.org\/eglise\/\",\"name\":\"\u00c9glise Protestante \u00c9vang\u00e9lique M\u00e9thodiste Agen\",\"description\":\"Des chr\u00e9tiens \u00e9vang\u00e9liques au coeur du Lot et Garonne. &quot;Viens et vois!&quot; ( Jean 1:47 )\",\"potentialAction\":[{\"@type\":\"SearchAction\",\"target\":{\"@type\":\"EntryPoint\",\"urlTemplate\":\"https:\/\/agen.umc-europe.org\/eglise\/?s={search_term_string}\"},\"query-input\":\"required name=search_term_string\"}],\"inLanguage\":\"fr-FR\"}]}<\/script>\n<!-- \/ Yoast SEO plugin. -->","yoast_head_json":{"title":"Les pionniers de l'\u00e9vang\u00e9lisation en agenais 1925","description":"Le Pasteur Von Siebenthal f\u00fbt le premier \u00e0 s'installer \u00e0 Agen pour fonder l'\u00e9glise m\u00e9thodiste","robots":{"index":"index","follow":"follow","max-snippet":"max-snippet:-1","max-image-preview":"max-image-preview:large","max-video-preview":"max-video-preview:-1"},"canonical":"https:\/\/agen.umc-europe.org\/eglise\/notre-histoire-introduction\/notre-histoire-les-pionniers\/","og_locale":"fr_FR","og_type":"article","og_title":"Les pionniers de l'\u00e9vang\u00e9lisation en agenais 1925","og_description":"Le Pasteur Von Siebenthal f\u00fbt le premier \u00e0 s'installer \u00e0 Agen pour fonder l'\u00e9glise m\u00e9thodiste","og_url":"https:\/\/agen.umc-europe.org\/eglise\/notre-histoire-introduction\/notre-histoire-les-pionniers\/","og_site_name":"\u00c9glise Protestante \u00c9vang\u00e9lique M\u00e9thodiste Agen","article_publisher":"https:\/\/www.facebook.com\/EgliseAgen\/","article_modified_time":"2017-12-27T16:21:16+00:00","og_image":[{"width":249,"height":170,"url":"https:\/\/agen.umc-europe.org\/eglise\/wp-content\/uploads\/2014\/08\/croix.jpg","type":"image\/jpeg"}],"twitter_card":"summary_large_image","twitter_site":"@EgliseAgen","twitter_misc":{"Dur\u00e9e de lecture estim\u00e9e":"2 minutes"},"schema":{"@context":"https:\/\/schema.org","@graph":[{"@type":"WebPage","@id":"https:\/\/agen.umc-europe.org\/eglise\/notre-histoire-introduction\/notre-histoire-les-pionniers\/","url":"https:\/\/agen.umc-europe.org\/eglise\/notre-histoire-introduction\/notre-histoire-les-pionniers\/","name":"Les pionniers de l'\u00e9vang\u00e9lisation en agenais 1925","isPartOf":{"@id":"https:\/\/agen.umc-europe.org\/eglise\/#website"},"datePublished":"2014-08-25T21:56:25+00:00","dateModified":"2017-12-27T16:21:16+00:00","description":"Le Pasteur Von Siebenthal f\u00fbt le premier \u00e0 s'installer \u00e0 Agen pour fonder l'\u00e9glise m\u00e9thodiste","breadcrumb":{"@id":"https:\/\/agen.umc-europe.org\/eglise\/notre-histoire-introduction\/notre-histoire-les-pionniers\/#breadcrumb"},"inLanguage":"fr-FR","potentialAction":[{"@type":"ReadAction","target":["https:\/\/agen.umc-europe.org\/eglise\/notre-histoire-introduction\/notre-histoire-les-pionniers\/"]}]},{"@type":"BreadcrumbList","@id":"https:\/\/agen.umc-europe.org\/eglise\/notre-histoire-introduction\/notre-histoire-les-pionniers\/#breadcrumb","itemListElement":[{"@type":"ListItem","position":1,"name":"Accueil","item":"https:\/\/agen.umc-europe.org\/eglise\/"},{"@type":"ListItem","position":2,"name":"Notre histoire &#8211; Introduction","item":"https:\/\/agen.umc-europe.org\/eglise\/notre-histoire-introduction\/"},{"@type":"ListItem","position":3,"name":"Notre histoire &#8211; les pionniers (1926-1931)"}]},{"@type":"WebSite","@id":"https:\/\/agen.umc-europe.org\/eglise\/#website","url":"https:\/\/agen.umc-europe.org\/eglise\/","name":"\u00c9glise Protestante \u00c9vang\u00e9lique M\u00e9thodiste Agen","description":"Des chr\u00e9tiens \u00e9vang\u00e9liques au coeur du Lot et Garonne. &quot;Viens et vois!&quot; ( Jean 1:47 )","potentialAction":[{"@type":"SearchAction","target":{"@type":"EntryPoint","urlTemplate":"https:\/\/agen.umc-europe.org\/eglise\/?s={search_term_string}"},"query-input":"required name=search_term_string"}],"inLanguage":"fr-FR"}]}},"_links":{"self":[{"href":"https:\/\/agen.umc-europe.org\/eglise\/wp-json\/wp\/v2\/pages\/102"}],"collection":[{"href":"https:\/\/agen.umc-europe.org\/eglise\/wp-json\/wp\/v2\/pages"}],"about":[{"href":"https:\/\/agen.umc-europe.org\/eglise\/wp-json\/wp\/v2\/types\/page"}],"author":[{"embeddable":true,"href":"https:\/\/agen.umc-europe.org\/eglise\/wp-json\/wp\/v2\/users\/2"}],"replies":[{"embeddable":true,"href":"https:\/\/agen.umc-europe.org\/eglise\/wp-json\/wp\/v2\/comments?post=102"}],"version-history":[{"count":6,"href":"https:\/\/agen.umc-europe.org\/eglise\/wp-json\/wp\/v2\/pages\/102\/revisions"}],"predecessor-version":[{"id":504,"href":"https:\/\/agen.umc-europe.org\/eglise\/wp-json\/wp\/v2\/pages\/102\/revisions\/504"}],"up":[{"embeddable":true,"href":"https:\/\/agen.umc-europe.org\/eglise\/wp-json\/wp\/v2\/pages\/86"}],"wp:featuredmedia":[{"embeddable":true,"href":"https:\/\/agen.umc-europe.org\/eglise\/wp-json\/wp\/v2\/media\/10"}],"wp:attachment":[{"href":"https:\/\/agen.umc-europe.org\/eglise\/wp-json\/wp\/v2\/media?parent=102"}],"curies":[{"name":"wp","href":"https:\/\/api.w.org\/{rel}","templated":true}]}}